{"id":84,"date":"2025-03-19T15:56:13","date_gmt":"2025-03-19T14:56:13","guid":{"rendered":"https:\/\/aliciagoicolea.com\/?page_id=84"},"modified":"2025-06-10T17:13:41","modified_gmt":"2025-06-10T15:13:41","slug":"programa-adolescentes","status":"publish","type":"page","link":"https:\/\/aliciagoicolea.com\/?page_id=84","title":{"rendered":"Programa adolescentes"},"content":{"rendered":"\t\t<div data-elementor-type=\"wp-page\" data-elementor-id=\"84\" class=\"elementor elementor-84\" data-elementor-post-type=\"page\">\n\t\t\t\t<div class=\"elementor-element elementor-element-b39c9ed e-flex e-con-boxed e-con e-parent\" data-id=\"b39c9ed\" data-element_type=\"container\" data-e-type=\"container\" data-settings=\"{&quot;background_background&quot;:&quot;classic&quot;}\">\n\t\t\t\t\t<div class=\"e-con-inner\">\n\t\t<div class=\"elementor-element elementor-element-8354d72 e-con-full e-flex e-con e-child\" data-id=\"8354d72\" data-element_type=\"container\" data-e-type=\"container\">\n\t\t\t\t<div class=\"elementor-element elementor-element-fdf69f9 elementor-widget-tablet__width-initial elementor-invisible elementor-widget elementor-widget-heading\" data-id=\"fdf69f9\" data-element_type=\"widget\" data-e-type=\"widget\" data-settings=\"{&quot;_animation&quot;:&quot;fadeInUp&quot;,&quot;_animation_delay&quot;:200}\" data-widget_type=\"heading.default\">\n\t\t\t\t<div class=\"elementor-widget-container\">\n\t\t\t\t\t<h2 class=\"elementor-heading-title elementor-size-default\">\u00bfSientes que tu hijo est\u00e1 perdido, se encierra en s\u00ed mismo o no sabe qu\u00e9 hacer con lo que\nsiente? <\/h2>\t\t\t\t<\/div>\n\t\t\t\t<\/div>\n\t\t\t\t<\/div>\n\t\t\t\t\t<\/div>\n\t\t\t\t<\/div>\n\t\t<div class=\"elementor-element elementor-element-47ed932 e-flex e-con-boxed e-con e-parent\" data-id=\"47ed932\" data-element_type=\"container\" data-e-type=\"container\" data-settings=\"{&quot;background_background&quot;:&quot;classic&quot;}\">\n\t\t\t\t\t<div class=\"e-con-inner\">\n\t\t<div class=\"elementor-element elementor-element-402ba8a e-con-full e-flex e-con e-child\" data-id=\"402ba8a\" data-element_type=\"container\" data-e-type=\"container\">\n\t\t\t\t<div class=\"elementor-element elementor-element-e9e74dd elementor-widget__width-initial e-transform elementor-widget-divider--view-line elementor-widget elementor-widget-divider\" data-id=\"e9e74dd\" data-element_type=\"widget\" data-e-type=\"widget\" data-settings=\"{&quot;_transform_rotateZ_effect&quot;:{&quot;unit&quot;:&quot;px&quot;,&quot;size&quot;:90,&quot;sizes&quot;:[]},&quot;_transform_rotateZ_effect_laptop&quot;:{&quot;unit&quot;:&quot;deg&quot;,&quot;size&quot;:&quot;&quot;,&quot;sizes&quot;:[]},&quot;_transform_rotateZ_effect_tablet&quot;:{&quot;unit&quot;:&quot;deg&quot;,&quot;size&quot;:&quot;&quot;,&quot;sizes&quot;:[]},&quot;_transform_rotateZ_effect_mobile&quot;:{&quot;unit&quot;:&quot;deg&quot;,&quot;size&quot;:&quot;&quot;,&quot;sizes&quot;:[]}}\" data-widget_type=\"divider.default\">\n\t\t\t\t<div class=\"elementor-widget-container\">\n\t\t\t\t\t\t\t<div class=\"elementor-divider\">\n\t\t\t<span class=\"elementor-divider-separator\">\n\t\t\t\t\t\t<\/span>\n\t\t<\/div>\n\t\t\t\t\t\t<\/div>\n\t\t\t\t<\/div>\n\t\t\t\t<div class=\"elementor-element elementor-element-bcc6d02 elementor-widget elementor-widget-image\" data-id=\"bcc6d02\" data-element_type=\"widget\" data-e-type=\"widget\" data-widget_type=\"image.default\">\n\t\t\t\t<div class=\"elementor-widget-container\">\n\t\t\t\t\t\t\t\t\t\t\t\t\t\t\t<img fetchpriority=\"high\" decoding=\"async\" width=\"1000\" height=\"667\" src=\"https:\/\/aliciagoicolea.com\/wp-content\/uploads\/2025\/03\/psicologia-de-la-adolescencia.jpg\" class=\"attachment-full size-full wp-image-170\" alt=\"Psicolog\u00eda de la adolescencia\" srcset=\"https:\/\/aliciagoicolea.com\/wp-content\/uploads\/2025\/03\/psicologia-de-la-adolescencia.jpg 1000w, https:\/\/aliciagoicolea.com\/wp-content\/uploads\/2025\/03\/psicologia-de-la-adolescencia-300x200.jpg 300w, https:\/\/aliciagoicolea.com\/wp-content\/uploads\/2025\/03\/psicologia-de-la-adolescencia-768x512.jpg 768w\" sizes=\"(max-width: 1000px) 100vw, 1000px\" \/>\t\t\t\t\t\t\t\t\t\t\t\t\t\t\t<\/div>\n\t\t\t\t<\/div>\n\t\t\t\t<\/div>\n\t\t<div class=\"elementor-element elementor-element-d716eb0 e-con-full e-flex e-con e-child\" data-id=\"d716eb0\" data-element_type=\"container\" data-e-type=\"container\">\n\t\t\t\t<div class=\"elementor-element elementor-element-31fdd2b elementor-widget elementor-widget-heading\" data-id=\"31fdd2b\" data-element_type=\"widget\" data-e-type=\"widget\" data-widget_type=\"heading.default\">\n\t\t\t\t<div class=\"elementor-widget-container\">\n\t\t\t\t\t<h1 class=\"elementor-heading-title elementor-size-default\">Programa Adolescente<\/h1>\t\t\t\t<\/div>\n\t\t\t\t<\/div>\n\t\t\t\t<div class=\"elementor-element elementor-element-91a382e elementor-widget-tablet__width-initial elementor-invisible elementor-widget elementor-widget-heading\" data-id=\"91a382e\" data-element_type=\"widget\" data-e-type=\"widget\" data-settings=\"{&quot;_animation&quot;:&quot;fadeInUp&quot;,&quot;_animation_delay&quot;:200}\" data-widget_type=\"heading.default\">\n\t\t\t\t<div class=\"elementor-widget-container\">\n\t\t\t\t\t<h2 class=\"elementor-heading-title elementor-size-default\">Podemos ayudarle a fortalecer su autoestima, gestionar sus emociones y encontrar\ndirecci\u00f3n sin que sienta que le est\u00e1s empujando.<\/h2>\t\t\t\t<\/div>\n\t\t\t\t<\/div>\n\t\t\t\t<\/div>\n\t\t\t\t\t<\/div>\n\t\t\t\t<\/div>\n\t\t<div class=\"elementor-element elementor-element-83a36a6 e-flex e-con-boxed e-con e-parent\" data-id=\"83a36a6\" data-element_type=\"container\" data-e-type=\"container\" data-settings=\"{&quot;background_background&quot;:&quot;classic&quot;}\">\n\t\t\t\t\t<div class=\"e-con-inner\">\n\t\t<div class=\"elementor-element elementor-element-1ff1975 e-con-full e-flex e-con e-child\" data-id=\"1ff1975\" data-element_type=\"container\" data-e-type=\"container\">\n\t\t\t\t<div class=\"elementor-element elementor-element-ed3668e elementor-invisible elementor-widget elementor-widget-heading\" data-id=\"ed3668e\" data-element_type=\"widget\" data-e-type=\"widget\" data-settings=\"{&quot;_animation&quot;:&quot;fadeIn&quot;}\" data-widget_type=\"heading.default\">\n\t\t\t\t<div class=\"elementor-widget-container\">\n\t\t\t\t\t<h2 class=\"elementor-heading-title elementor-size-default\">\nDescubre, crece y conecta<\/h2>\t\t\t\t<\/div>\n\t\t\t\t<\/div>\n\t\t\t\t<div class=\"elementor-element elementor-element-056fd5e elementor-invisible elementor-widget elementor-widget-text-editor\" data-id=\"056fd5e\" data-element_type=\"widget\" data-e-type=\"widget\" data-settings=\"{&quot;_animation&quot;:&quot;fadeIn&quot;}\" data-widget_type=\"text-editor.default\">\n\t\t\t\t<div class=\"elementor-widget-container\">\n\t\t\t\t\t\t\t\t\t<p>Este programa est\u00e1 dise\u00f1ado para ayudar a los adolescentes a descubrir sus talentos y gestionar sus emociones, lo que les permitir\u00e1 tomar decisiones m\u00e1s conscientes y construir una autoestima s\u00f3lida. A trav\u00e9s de actividades y herramientas pr\u00e1cticas, les ofrecemos el acompa\u00f1amiento necesario para que puedan afrontar los desaf\u00edos de la adolescencia con confianza y bienestar.<\/p>\t\t\t\t\t\t\t\t<\/div>\n\t\t\t\t<\/div>\n\t\t\t\t<\/div>\n\t\t<div class=\"elementor-element elementor-element-abf1cfa e-con-full e-flex e-con e-child\" data-id=\"abf1cfa\" data-element_type=\"container\" data-e-type=\"container\">\n\t\t\t\t<div class=\"elementor-element elementor-element-c432222 elementor-widget elementor-widget-image\" data-id=\"c432222\" data-element_type=\"widget\" data-e-type=\"widget\" data-widget_type=\"image.default\">\n\t\t\t\t<div class=\"elementor-widget-container\">\n\t\t\t\t\t\t\t\t\t\t\t\t\t\t\t<img decoding=\"async\" width=\"785\" height=\"465\" src=\"https:\/\/aliciagoicolea.com\/wp-content\/uploads\/2025\/03\/CR-estrategias-adolescentes.jpg\" class=\"attachment-large size-large wp-image-279\" alt=\"\" srcset=\"https:\/\/aliciagoicolea.com\/wp-content\/uploads\/2025\/03\/CR-estrategias-adolescentes.jpg 785w, https:\/\/aliciagoicolea.com\/wp-content\/uploads\/2025\/03\/CR-estrategias-adolescentes-300x178.jpg 300w, https:\/\/aliciagoicolea.com\/wp-content\/uploads\/2025\/03\/CR-estrategias-adolescentes-768x455.jpg 768w\" sizes=\"(max-width: 785px) 100vw, 785px\" \/>\t\t\t\t\t\t\t\t\t\t\t\t\t\t\t<\/div>\n\t\t\t\t<\/div>\n\t\t\t\t<\/div>\n\t\t\t\t\t<\/div>\n\t\t\t\t<\/div>\n\t\t<div class=\"elementor-element elementor-element-1bb0cc8 e-grid e-con-boxed e-con e-parent\" data-id=\"1bb0cc8\" data-element_type=\"container\" data-e-type=\"container\">\n\t\t\t\t\t<div class=\"e-con-inner\">\n\t\t<div class=\"elementor-element elementor-element-c45d9b8 e-con-full e-flex e-con e-child\" data-id=\"c45d9b8\" data-element_type=\"container\" data-e-type=\"container\">\n\t\t<div class=\"elementor-element elementor-element-faa18c1 e-con-full e-flex e-con e-child\" data-id=\"faa18c1\" data-element_type=\"container\" data-e-type=\"container\">\n\t\t\t\t<div class=\"elementor-element elementor-element-2b926be jkit-equal-height-disable elementor-widget elementor-widget-jkit_icon_box\" data-id=\"2b926be\" data-element_type=\"widget\" data-e-type=\"widget\" data-widget_type=\"jkit_icon_box.default\">\n\t\t\t\t<div class=\"elementor-widget-container\">\n\t\t\t\t\t<div  class=\"jeg-elementor-kit jkit-icon-box icon-position- elementor-animation- jeg_module___69f2e5a32b6a9\" ><div class=\"jkit-icon-box-wrapper hover-from-left\"><div class=\"icon-box icon-box-body\">\n                <h4 class=\"title\">Programa de  \u201cResoluci\u00f3n de conflictos\u201d<\/h4><p class=\"icon-box-description\">Aprender\u00e1 a\ncomunicarse de forma eficaz, trabajando la empat\u00eda y la asertividad y aprendiendo distintas\nherramientas para la soluci\u00f3n de conflictos.<\/p>\n            <\/div>\n            \n            <\/div><\/div>\t\t\t\t<\/div>\n\t\t\t\t<\/div>\n\t\t\t\t<\/div>\n\t\t<div class=\"elementor-element elementor-element-c73ef96 e-con-full e-flex e-con e-child\" data-id=\"c73ef96\" data-element_type=\"container\" data-e-type=\"container\">\n\t\t\t\t<div class=\"elementor-element elementor-element-1cb532fb jkit-equal-height-disable elementor-widget elementor-widget-jkit_icon_box\" data-id=\"1cb532fb\" data-element_type=\"widget\" data-e-type=\"widget\" data-widget_type=\"jkit_icon_box.default\">\n\t\t\t\t<div class=\"elementor-widget-container\">\n\t\t\t\t\t<div  class=\"jeg-elementor-kit jkit-icon-box icon-position- elementor-animation- jeg_module__1_69f2e5a32c6de\" ><div class=\"jkit-icon-box-wrapper hover-from-left\"><div class=\"icon-box icon-box-body\">\n                <h4 class=\"title\"> Programa   \u201cLimita las pantallas\u201d<\/h4><p class=\"icon-box-description\">Conseguir\u00e1s el uso adecuado de los dispositivos en casa <i>(No trabajamos adicciones)<\/i>\n\n<\/p>\n            <\/div>\n            \n            <\/div><\/div>\t\t\t\t<\/div>\n\t\t\t\t<\/div>\n\t\t\t\t<\/div>\n\t\t<div class=\"elementor-element elementor-element-90ad55a e-con-full e-flex e-con e-child\" data-id=\"90ad55a\" data-element_type=\"container\" data-e-type=\"container\">\n\t\t\t\t<div class=\"elementor-element elementor-element-2a73b3e jkit-equal-height-disable elementor-widget elementor-widget-jkit_icon_box\" data-id=\"2a73b3e\" data-element_type=\"widget\" data-e-type=\"widget\" data-widget_type=\"jkit_icon_box.default\">\n\t\t\t\t<div class=\"elementor-widget-container\">\n\t\t\t\t\t<div  class=\"jeg-elementor-kit jkit-icon-box icon-position- elementor-animation- jeg_module__2_69f2e5a32d307\" ><div class=\"jkit-icon-box-wrapper hover-from-left\"><div class=\"icon-box icon-box-body\">\n                <h4 class=\"title\"> Programa   \u201cOrientaci\u00f3n profesional\u201d<\/h4><p class=\"icon-box-description\">Descubrir sus talentos les va a permitir conocerse,\ncrecer en autoestima y tomar decisiones sobre su futuro profesional.\n <\/p>\n            <\/div>\n            \n            <\/div><\/div>\t\t\t\t<\/div>\n\t\t\t\t<\/div>\n\t\t\t\t<\/div>\n\t\t<div class=\"elementor-element elementor-element-424437 e-con-full e-flex e-con e-child\" data-id=\"424437\" data-element_type=\"container\" data-e-type=\"container\">\n\t\t\t\t<div class=\"elementor-element elementor-element-4cfcfbf1 jkit-equal-height-disable elementor-widget elementor-widget-jkit_icon_box\" data-id=\"4cfcfbf1\" data-element_type=\"widget\" data-e-type=\"widget\" data-widget_type=\"jkit_icon_box.default\">\n\t\t\t\t<div class=\"elementor-widget-container\">\n\t\t\t\t\t<div  class=\"jeg-elementor-kit jkit-icon-box icon-position- elementor-animation- jeg_module__3_69f2e5a32ded3\" ><div class=\"jkit-icon-box-wrapper hover-from-left\"><div class=\"icon-box icon-box-body\">\n                <h4 class=\"title\"> Programa   \u201cGestiona tu emoci\u00f3n\u201d<\/h4><p class=\"icon-box-description\">Identificar qu\u00e9 emociones siente y cu\u00e1l es su respuesta emocional le permitir\u00e1 , junto con las herramientas que aprender\u00e1, a gestionarlas de una manera adecuada.\n <\/p>\n            <\/div>\n            \n            <\/div><\/div>\t\t\t\t<\/div>\n\t\t\t\t<\/div>\n\t\t\t\t<\/div>\n\t\t\t\t<\/div>\n\t\t<div class=\"elementor-element elementor-element-0e48902 e-con-full e-flex e-con e-child\" data-id=\"0e48902\" data-element_type=\"container\" data-e-type=\"container\">\n\t\t<div class=\"elementor-element elementor-element-72999f99 e-con-full e-flex e-con e-child\" data-id=\"72999f99\" data-element_type=\"container\" data-e-type=\"container\">\n\t\t\t\t<div class=\"elementor-element elementor-element-3fcf9b14 jkit-equal-height-disable elementor-widget elementor-widget-jkit_icon_box\" data-id=\"3fcf9b14\" data-element_type=\"widget\" data-e-type=\"widget\" data-widget_type=\"jkit_icon_box.default\">\n\t\t\t\t<div class=\"elementor-widget-container\">\n\t\t\t\t\t<div  class=\"jeg-elementor-kit jkit-icon-box icon-position- elementor-animation- jeg_module__4_69f2e5a32ea93\" ><div class=\"jkit-icon-box-wrapper hover-from-left\"><div class=\"icon-box icon-box-body\">\n                <h4 class=\"title\">Programa \u201cDescubro mi valor\u201d<\/h4><p class=\"icon-box-description\">Programa basado en el descubrimiento de su autoestima para tomar conciencia de su verdadero valor.\n<\/p>\n            <\/div>\n            \n            <\/div><\/div>\t\t\t\t<\/div>\n\t\t\t\t<\/div>\n\t\t\t\t<\/div>\n\t\t<div class=\"elementor-element elementor-element-4a7271c e-con-full e-flex e-con e-child\" data-id=\"4a7271c\" data-element_type=\"container\" data-e-type=\"container\">\n\t\t\t\t<div class=\"elementor-element elementor-element-208ed54 jkit-equal-height-disable elementor-widget elementor-widget-jkit_icon_box\" data-id=\"208ed54\" data-element_type=\"widget\" data-e-type=\"widget\" data-widget_type=\"jkit_icon_box.default\">\n\t\t\t\t<div class=\"elementor-widget-container\">\n\t\t\t\t\t<div  class=\"jeg-elementor-kit jkit-icon-box icon-position- elementor-animation- jeg_module__5_69f2e5a32f64f\" ><div class=\"jkit-icon-box-wrapper hover-from-left\"><div class=\"icon-box icon-box-body\">\n                <h4 class=\"title\">Taller: C\u00f3mo hablar a tu hijo adolescente para que te escuche<\/h4><p class=\"icon-box-description\">Descubr\u00edr estrategias de comunicaci\u00f3n que fortalecen el v\u00ednculo, evitando gritos, reproches o silencios. Aprend\u00e9r  a conectar con tu hijo desde la empat\u00eda, el respeto y la escucha activa, incluso en los momentos m\u00e1s desafiantes.<\/p>\n            <\/div>\n            \n            <\/div><\/div>\t\t\t\t<\/div>\n\t\t\t\t<\/div>\n\t\t\t\t<\/div>\n\t\t<div class=\"elementor-element elementor-element-10e70591 e-con-full e-flex e-con e-child\" data-id=\"10e70591\" data-element_type=\"container\" data-e-type=\"container\">\n\t\t\t\t<div class=\"elementor-element elementor-element-bfaf428 jkit-equal-height-disable elementor-widget elementor-widget-jkit_icon_box\" data-id=\"bfaf428\" data-element_type=\"widget\" data-e-type=\"widget\" data-widget_type=\"jkit_icon_box.default\">\n\t\t\t\t<div class=\"elementor-widget-container\">\n\t\t\t\t\t<div  class=\"jeg-elementor-kit jkit-icon-box icon-position- elementor-animation- jeg_module__6_69f2e5a330272\" ><div class=\"jkit-icon-box-wrapper hover-from-left\"><div class=\"icon-box icon-box-body\">\n                <h4 class=\"title\">Taller: Prepar\u00e1ndome para la adolescencia de mi hijo<\/h4><p class=\"icon-box-description\">Anticipate a los cambios y desaf\u00edos de esta etapa con herramientas concretas. Entender qu\u00e9 necesita tu hijo en la adolescencia, c\u00f3mo acompa\u00f1arlo sin invadir y c\u00f3mo fortalecer el v\u00ednculo para atravesar esta etapa con m\u00e1s calma, confianza y conexi\u00f3n.<\/p>\n            <\/div>\n            \n            <\/div><\/div>\t\t\t\t<\/div>\n\t\t\t\t<\/div>\n\t\t\t\t<\/div>\n\t\t\t\t<\/div>\n\t\t\t\t\t<\/div>\n\t\t\t\t<\/div>\n\t\t<div class=\"elementor-element elementor-element-1f2f71f e-flex e-con-boxed e-con e-parent\" data-id=\"1f2f71f\" data-element_type=\"container\" data-e-type=\"container\" data-settings=\"{&quot;background_background&quot;:&quot;classic&quot;}\">\n\t\t\t\t\t<div class=\"e-con-inner\">\n\t\t<div class=\"elementor-element elementor-element-4100f72 e-con-full e-flex e-con e-child\" data-id=\"4100f72\" data-element_type=\"container\" data-e-type=\"container\">\n\t\t\t\t<div class=\"elementor-element elementor-element-c6ba453 elementor-invisible elementor-widget elementor-widget-heading\" data-id=\"c6ba453\" data-element_type=\"widget\" data-e-type=\"widget\" data-settings=\"{&quot;_animation&quot;:&quot;fadeIn&quot;,&quot;_animation_delay&quot;:200}\" data-widget_type=\"heading.default\">\n\t\t\t\t<div class=\"elementor-widget-container\">\n\t\t\t\t\t<h2 class=\"elementor-heading-title elementor-size-default\">Agenda tu sesi\u00f3n y \u00fanete a nuestra comunidad<\/h2>\t\t\t\t<\/div>\n\t\t\t\t<\/div>\n\t\t\t\t<div class=\"elementor-element elementor-element-62a83bc elementor-widget elementor-widget-text-editor\" data-id=\"62a83bc\" data-element_type=\"widget\" data-e-type=\"widget\" data-widget_type=\"text-editor.default\">\n\t\t\t\t<div class=\"elementor-widget-container\">\n\t\t\t\t\t\t\t\t\t<p data-start=\"98\" data-end=\"214\">Agenda tu sesi\u00f3n a trav\u00e9s del calendario y empieza tu proceso de acompa\u00f1amiento. \u00a1Estamos aqu\u00ed para ayudarte a crecer!<\/p><p data-start=\"216\" data-end=\"361\">Tambi\u00e9n, \u00fanete a nuestra comunidad de programas para adolescentes haciendo clic en \u00abUnirse a la comunidad\u00bb. <span style=\"font-weight: 400;\">Recibir\u00e1s recursos, consejos y p\u00edldoras informativas sobre la adolescencia.<\/span><b><br \/><\/b><\/p>\t\t\t\t\t\t\t\t<\/div>\n\t\t\t\t<\/div>\n\t\t\t\t<div class=\"elementor-element elementor-element-d3e6187 elementor-widget elementor-widget-button\" data-id=\"d3e6187\" data-element_type=\"widget\" data-e-type=\"widget\" data-widget_type=\"button.default\">\n\t\t\t\t<div class=\"elementor-widget-container\">\n\t\t\t\t\t\t\t\t\t<div class=\"elementor-button-wrapper\">\n\t\t\t\t\t<a class=\"elementor-button elementor-button-link elementor-size-sm\" href=\"https:\/\/chat.whatsapp.com\/FgqJYk9aYex8qV1wewWpCP\">\n\t\t\t\t\t\t<span class=\"elementor-button-content-wrapper\">\n\t\t\t\t\t\t\t\t\t<span class=\"elementor-button-text\">\u00danete a la comunidad <\/span>\n\t\t\t\t\t<\/span>\n\t\t\t\t\t<\/a>\n\t\t\t\t<\/div>\n\t\t\t\t\t\t\t\t<\/div>\n\t\t\t\t<\/div>\n\t\t\t\t<\/div>\n\t\t<div class=\"elementor-element elementor-element-e28655a e-con-full e-flex e-con e-child\" data-id=\"e28655a\" data-element_type=\"container\" data-e-type=\"container\">\n\t\t\t\t<div class=\"elementor-element elementor-element-2d97e13 elementor-widget elementor-widget-shortcode\" data-id=\"2d97e13\" data-element_type=\"widget\" data-e-type=\"widget\" data-widget_type=\"shortcode.default\">\n\t\t\t\t<div class=\"elementor-widget-container\">\n\t\t\t\t\t\t\t<div class=\"elementor-shortcode\"><iframe src=\"https:\/\/calendly.com\/alicia-goicolea\" width=\"100%\" height=\"430\" frameborder=\"0\"><\/iframe>\n<\/div>\n\t\t\t\t\t\t<\/div>\n\t\t\t\t<\/div>\n\t\t\t\t<\/div>\n\t\t\t\t\t<\/div>\n\t\t\t\t<\/div>\n\t\t\t\t<\/div>\n\t\t","protected":false},"excerpt":{"rendered":"<p>\u00bfSientes que tu hijo est\u00e1 perdido, se encierra en s\u00ed mismo o no sabe qu\u00e9 hacer con lo que siente? Programa Adolescente Podemos ayudarle a fortalecer su autoestima, gestionar sus emociones y encontrar direcci\u00f3n sin que sienta que le est\u00e1s empujando. Descubre, crece y conecta Este programa est\u00e1 dise\u00f1ado para ayudar a los adolescentes a [&hellip;]<\/p>\n","protected":false},"author":12,"featured_media":0,"parent":0,"menu_order":0,"comment_status":"closed","ping_status":"closed","template":"","meta":{"footnotes":""},"class_list":["post-84","page","type-page","status-publish","hentry"],"yoast_head":"<!-- This site is optimized with the Yoast SEO plugin v27.5 - https:\/\/yoast.com\/product\/yoast-seo-wordpress\/ -->\n<title>Programa adolescentes - Alicia Goicolea<\/title>\n<meta name=\"robots\" content=\"index, follow, max-snippet:-1, max-image-preview:large, max-video-preview:-1\" \/>\n<link rel=\"canonical\" href=\"https:\/\/aliciagoicolea.com\/?page_id=84\" \/>\n<meta property=\"og:locale\" content=\"es_ES\" \/>\n<meta property=\"og:type\" content=\"article\" \/>\n<meta property=\"og:title\" content=\"Programa adolescentes - Alicia Goicolea\" \/>\n<meta property=\"og:description\" content=\"\u00bfSientes que tu hijo est\u00e1 perdido, se encierra en s\u00ed mismo o no sabe qu\u00e9 hacer con lo que siente? Programa Adolescente Podemos ayudarle a fortalecer su autoestima, gestionar sus emociones y encontrar direcci\u00f3n sin que sienta que le est\u00e1s empujando. Descubre, crece y conecta Este programa est\u00e1 dise\u00f1ado para ayudar a los adolescentes a [&hellip;]\" \/>\n<meta property=\"og:url\" content=\"https:\/\/aliciagoicolea.com\/?page_id=84\" \/>\n<meta property=\"og:site_name\" content=\"Alicia Goicolea\" \/>\n<meta property=\"article:modified_time\" content=\"2025-06-10T15:13:41+00:00\" \/>\n<meta property=\"og:image\" content=\"https:\/\/aliciagoicolea.com\/wp-content\/uploads\/2025\/03\/psicologia-de-la-adolescencia.jpg\" \/>\n<meta name=\"twitter:card\" content=\"summary_large_image\" \/>\n<meta name=\"twitter:label1\" content=\"Tiempo de lectura\" \/>\n\t<meta name=\"twitter:data1\" content=\"3 minutos\" \/>\n<script type=\"application\/ld+json\" class=\"yoast-schema-graph\">{\"@context\":\"https:\\\/\\\/schema.org\",\"@graph\":[{\"@type\":\"WebPage\",\"@id\":\"https:\\\/\\\/aliciagoicolea.com\\\/?page_id=84\",\"url\":\"https:\\\/\\\/aliciagoicolea.com\\\/?page_id=84\",\"name\":\"Programa adolescentes - Alicia Goicolea\",\"isPartOf\":{\"@id\":\"https:\\\/\\\/aliciagoicolea.com\\\/#website\"},\"primaryImageOfPage\":{\"@id\":\"https:\\\/\\\/aliciagoicolea.com\\\/?page_id=84#primaryimage\"},\"image\":{\"@id\":\"https:\\\/\\\/aliciagoicolea.com\\\/?page_id=84#primaryimage\"},\"thumbnailUrl\":\"https:\\\/\\\/aliciagoicolea.com\\\/wp-content\\\/uploads\\\/2025\\\/03\\\/psicologia-de-la-adolescencia.jpg\",\"datePublished\":\"2025-03-19T14:56:13+00:00\",\"dateModified\":\"2025-06-10T15:13:41+00:00\",\"breadcrumb\":{\"@id\":\"https:\\\/\\\/aliciagoicolea.com\\\/?page_id=84#breadcrumb\"},\"inLanguage\":\"es\",\"potentialAction\":[{\"@type\":\"ReadAction\",\"target\":[\"https:\\\/\\\/aliciagoicolea.com\\\/?page_id=84\"]}]},{\"@type\":\"ImageObject\",\"inLanguage\":\"es\",\"@id\":\"https:\\\/\\\/aliciagoicolea.com\\\/?page_id=84#primaryimage\",\"url\":\"https:\\\/\\\/aliciagoicolea.com\\\/wp-content\\\/uploads\\\/2025\\\/03\\\/psicologia-de-la-adolescencia.jpg\",\"contentUrl\":\"https:\\\/\\\/aliciagoicolea.com\\\/wp-content\\\/uploads\\\/2025\\\/03\\\/psicologia-de-la-adolescencia.jpg\",\"width\":1000,\"height\":667,\"caption\":\"Psicolog\u00eda de la adolescencia\"},{\"@type\":\"BreadcrumbList\",\"@id\":\"https:\\\/\\\/aliciagoicolea.com\\\/?page_id=84#breadcrumb\",\"itemListElement\":[{\"@type\":\"ListItem\",\"position\":1,\"name\":\"Portada\",\"item\":\"https:\\\/\\\/aliciagoicolea.com\\\/\"},{\"@type\":\"ListItem\",\"position\":2,\"name\":\"Programa adolescentes\"}]},{\"@type\":\"WebSite\",\"@id\":\"https:\\\/\\\/aliciagoicolea.com\\\/#website\",\"url\":\"https:\\\/\\\/aliciagoicolea.com\\\/\",\"name\":\"Alicia Goicolea\",\"description\":\"Coaching en Madrid\",\"potentialAction\":[{\"@type\":\"SearchAction\",\"target\":{\"@type\":\"EntryPoint\",\"urlTemplate\":\"https:\\\/\\\/aliciagoicolea.com\\\/?s={search_term_string}\"},\"query-input\":{\"@type\":\"PropertyValueSpecification\",\"valueRequired\":true,\"valueName\":\"search_term_string\"}}],\"inLanguage\":\"es\"}]}<\/script>\n<!-- \/ Yoast SEO plugin. -->","yoast_head_json":{"title":"Programa adolescentes - Alicia Goicolea","robots":{"index":"index","follow":"follow","max-snippet":"max-snippet:-1","max-image-preview":"max-image-preview:large","max-video-preview":"max-video-preview:-1"},"canonical":"https:\/\/aliciagoicolea.com\/?page_id=84","og_locale":"es_ES","og_type":"article","og_title":"Programa adolescentes - Alicia Goicolea","og_description":"\u00bfSientes que tu hijo est\u00e1 perdido, se encierra en s\u00ed mismo o no sabe qu\u00e9 hacer con lo que siente? Programa Adolescente Podemos ayudarle a fortalecer su autoestima, gestionar sus emociones y encontrar direcci\u00f3n sin que sienta que le est\u00e1s empujando. Descubre, crece y conecta Este programa est\u00e1 dise\u00f1ado para ayudar a los adolescentes a [&hellip;]","og_url":"https:\/\/aliciagoicolea.com\/?page_id=84","og_site_name":"Alicia Goicolea","article_modified_time":"2025-06-10T15:13:41+00:00","og_image":[{"url":"https:\/\/aliciagoicolea.com\/wp-content\/uploads\/2025\/03\/psicologia-de-la-adolescencia.jpg","type":"","width":"","height":""}],"twitter_card":"summary_large_image","twitter_misc":{"Tiempo de lectura":"3 minutos"},"schema":{"@context":"https:\/\/schema.org","@graph":[{"@type":"WebPage","@id":"https:\/\/aliciagoicolea.com\/?page_id=84","url":"https:\/\/aliciagoicolea.com\/?page_id=84","name":"Programa adolescentes - Alicia Goicolea","isPartOf":{"@id":"https:\/\/aliciagoicolea.com\/#website"},"primaryImageOfPage":{"@id":"https:\/\/aliciagoicolea.com\/?page_id=84#primaryimage"},"image":{"@id":"https:\/\/aliciagoicolea.com\/?page_id=84#primaryimage"},"thumbnailUrl":"https:\/\/aliciagoicolea.com\/wp-content\/uploads\/2025\/03\/psicologia-de-la-adolescencia.jpg","datePublished":"2025-03-19T14:56:13+00:00","dateModified":"2025-06-10T15:13:41+00:00","breadcrumb":{"@id":"https:\/\/aliciagoicolea.com\/?page_id=84#breadcrumb"},"inLanguage":"es","potentialAction":[{"@type":"ReadAction","target":["https:\/\/aliciagoicolea.com\/?page_id=84"]}]},{"@type":"ImageObject","inLanguage":"es","@id":"https:\/\/aliciagoicolea.com\/?page_id=84#primaryimage","url":"https:\/\/aliciagoicolea.com\/wp-content\/uploads\/2025\/03\/psicologia-de-la-adolescencia.jpg","contentUrl":"https:\/\/aliciagoicolea.com\/wp-content\/uploads\/2025\/03\/psicologia-de-la-adolescencia.jpg","width":1000,"height":667,"caption":"Psicolog\u00eda de la adolescencia"},{"@type":"BreadcrumbList","@id":"https:\/\/aliciagoicolea.com\/?page_id=84#breadcrumb","itemListElement":[{"@type":"ListItem","position":1,"name":"Portada","item":"https:\/\/aliciagoicolea.com\/"},{"@type":"ListItem","position":2,"name":"Programa adolescentes"}]},{"@type":"WebSite","@id":"https:\/\/aliciagoicolea.com\/#website","url":"https:\/\/aliciagoicolea.com\/","name":"Alicia Goicolea","description":"Coaching en Madrid","potentialAction":[{"@type":"SearchAction","target":{"@type":"EntryPoint","urlTemplate":"https:\/\/aliciagoicolea.com\/?s={search_term_string}"},"query-input":{"@type":"PropertyValueSpecification","valueRequired":true,"valueName":"search_term_string"}}],"inLanguage":"es"}]}},"_links":{"self":[{"href":"https:\/\/aliciagoicolea.com\/index.php?rest_route=\/wp\/v2\/pages\/84","targetHints":{"allow":["GET"]}}],"collection":[{"href":"https:\/\/aliciagoicolea.com\/index.php?rest_route=\/wp\/v2\/pages"}],"about":[{"href":"https:\/\/aliciagoicolea.com\/index.php?rest_route=\/wp\/v2\/types\/page"}],"author":[{"embeddable":true,"href":"https:\/\/aliciagoicolea.com\/index.php?rest_route=\/wp\/v2\/users\/12"}],"replies":[{"embeddable":true,"href":"https:\/\/aliciagoicolea.com\/index.php?rest_route=%2Fwp%2Fv2%2Fcomments&post=84"}],"version-history":[{"count":101,"href":"https:\/\/aliciagoicolea.com\/index.php?rest_route=\/wp\/v2\/pages\/84\/revisions"}],"predecessor-version":[{"id":1064,"href":"https:\/\/aliciagoicolea.com\/index.php?rest_route=\/wp\/v2\/pages\/84\/revisions\/1064"}],"wp:attachment":[{"href":"https:\/\/aliciagoicolea.com\/index.php?rest_route=%2Fwp%2Fv2%2Fmedia&parent=84"}],"curies":[{"name":"wp","href":"https:\/\/api.w.org\/{rel}","templated":true}]}}